{"id":12817,"date":"2014-07-04T14:20:23","date_gmt":"2014-07-04T14:20:23","guid":{"rendered":"http:\/\/amigosdelantiguoegipto.com\/?page_id=12817"},"modified":"2014-07-04T14:20:23","modified_gmt":"2014-07-04T14:20:23","slug":"creditos-templo-de-debod","status":"publish","type":"page","link":"http:\/\/amigosdelantiguoegipto.com\/?page_id=12817","title":{"rendered":"Cr\u00e9ditos &#8211; Templo de Debod"},"content":{"rendered":"<table border=\"0\" width=\"600\" cellspacing=\"4\" cellpadding=\"4\" align=\"center\">\n<tbody>\n<tr>\n<td class=\"TituloArticulos\" style=\"text-align: center;\" colspan=\"3\" align=\"center\"><\/td>\n<\/tr>\n<tr>\n<td style=\"text-align: center;\" colspan=\"3\" height=\"10\"><\/td>\n<\/tr>\n<tr valign=\"top\" bgcolor=\"#FCE2AD\">\n<td width=\"33%\">\n<p class=\"SubTituloNoticias\">CONCEJAL\u00cdA DE CULTURA<\/p>\n<p><b>Jefe de Departamento<br \/>\nde Museos y Patrimonio<br \/>\nHist\u00f3rico Art\u00edsitco:<\/b><br \/>\nCarmen Herrero Valverde<\/p>\n<p><b>Coordinador de Prensa<br \/>\nde Servicios Culturales:<\/b><br \/>\nJavier Monz\u00f3n<\/p>\n<p><b>Administraci\u00f3n:<\/b><br \/>\n\u00c1ngel Luis P\u00e9rez Blanco<br \/>\nJuan Mar\u00eda Borreguero<br \/>\nPaula Casos Ortega<br \/>\nDolores Manzanal Ortega<\/p>\n<p class=\"SubTituloNoticias\">MUSEO DE SAN ISIDRO<br \/>\nTEMPLO DE DEBOD<\/p>\n<p><b>Director:<\/b> Eduardo Salas V\u00e1zquez<\/p>\n<p><b>Divisi\u00f3n de investigaci\u00f3n Arqueol\u00f3gica:<\/b><br \/>\nAlfonso Mart\u00edn Flores<\/p>\n<p><b>Administraci\u00f3n y Secretar\u00eda:<\/b><br \/>\nAraceli ernandez Moreno<br \/>\nAna Isabel V\u00e1zquez Gonz\u00e1lez<\/p>\n<p>&nbsp;<\/p>\n<p>&nbsp;<\/td>\n<td width=\"33%\"><b>Asistencia Interna<br \/>\nen Templo de Debod:<\/b><br \/>\nC\u00e9sar D\u00edaz-Aguado Mart\u00ednez<br \/>\nJaun Sanz Garc\u00eda<br \/>\nFelipa Vera Meneses<b>Azafatas:<\/b> Servicios Empresariales Asociados, S.L.<\/p>\n<p class=\"SubTituloNoticias\">DISE\u00d1O Y MONTAJE<\/p>\n<p><b>Director de Proyecto:<\/b> J. Gar\u00edn<\/p>\n<p><b>Dise\u00f1o:<\/b> J. Gar\u00edn, Carlos Barrot<br \/>\ny Ra\u00fal Saavedra<\/p>\n<p><b>Dise\u00f1o Gr\u00e1fico:<\/b> Fidel L\u00f3pez<\/p>\n<p><b>Dise\u00f1o Iluminaci\u00f3n:<\/b> Pier Luigi Grassia (Vancram)<\/p>\n<p><b>Coordinador Iluminaci\u00f3n:<\/b><br \/>\n\u00d3scar Gallardo<\/p>\n<p><b>Montaje Exposici\u00f3n:<\/b> AZA<\/p>\n<p><b>Instalaciones T\u00e9cnicas:<\/b><br \/>\nSerrazar, S.L.<br \/>\nIDENET<\/p>\n<p><b>Transportes:<\/b> TEMA, S.A.<\/td>\n<td width=\"33%\">\n<p class=\"SubTituloNoticias\">AUDIOVISUALES<\/p>\n<p><b>Gui\u00f3n:<\/b> Carlos Le\u00f3n Amores,<br \/>\nAlfonso Mart\u00edn Flores<\/p>\n<p><b>Producci\u00f3n Multimedia:<\/b><br \/>\nS\u00fabito Red. Desarrollos<\/p>\n<p><b>Realizaci\u00f3n V\u00eddeo:<\/b><br \/>\nAsiria Producciones<\/p>\n<p><b>M\u00fasica:<\/b> Pablo Baselga<\/p>\n<p><b>Producci\u00f3n:<\/b> Carlos Ferrer<\/p>\n<p><b>Actores:<\/b> Carlos Ferrer, Jorge Pl\u00e1, Kwenya Carreira<\/p>\n<p><b>Animaci\u00f3n 3D:<\/b><br \/>\nLuis Miguel Crebri\u00e1n<\/p>\n<p><b>Fotograf\u00eda:<\/b> Roberto Arbole, Miguel Est\u00e9vez, Archivo Museo San Isidro<\/p>\n<p><b>Programaci\u00f3n Interactivos:<\/b><br \/>\nArteralia<\/p>\n<p><span class=\"SubTituloNoticias\">MAQUETAS<\/span><br \/>\nBego\u00f1a del Casal<br \/>\nIgnacio Sa\u00fal P\u00e9rez-Juana Dairjoma<\/td>\n<\/tr>\n<tr align=\"center\" valign=\"top\">\n<td colspan=\"3\">M\u00e1s informaci\u00f3n en la web del <a href=\"http:\/\/www.munimadrid.es\/portal\/site\/munimadrid\/menuitem.f4bb5b953cd0b0aa7d245f019fc08a0c\/?vgnextoid=46caa0d03aa8b010VgnVCM100000d90ca8c0RCRD&amp;vgnextchannel=0c369e242ab26010VgnVCM100000dc0ca8c0RCRD&amp;rmColeccion=30fe658f83a5d010VgnVCM1000000b205a0aRCRD\"><b>Ayuntamiento de Madrid<\/b><\/a><\/td>\n<\/tr>\n<\/tbody>\n<\/table>\n","protected":false},"excerpt":{"rendered":"<p>CONCEJAL\u00cdA DE CULTURA Jefe de Departamento de Museos y Patrimonio Hist\u00f3rico Art\u00edsitco: Carmen Herrero Valverde Coordinador de Prensa de Servicios Culturales: Javier Monz\u00f3n Administraci\u00f3n: \u00c1ngel Luis P\u00e9rez Blanco Juan Mar\u00eda Borreguero Paula Casos Ortega Dolores Manzanal Ortega MUSEO DE SAN ISIDRO TEMPLO DE DEBOD Director: Eduardo Salas V\u00e1zquez Divisi\u00f3n de investigaci\u00f3n Arqueol\u00f3gica: Alfonso Mart\u00edn Flores Administraci\u00f3n y Secretar\u00eda: Araceli ernandez&#8230;<\/p>\n<p class=\"continue-reading-button\"> <a class=\"continue-reading-link\" href=\"http:\/\/amigosdelantiguoegipto.com\/?page_id=12817\">Seguir leyendo<i class=\"crycon-right-dir\"><\/i><\/a><\/p>\n","protected":false},"author":1,"featured_media":0,"parent":0,"menu_order":0,"comment_status":"closed","ping_status":"closed","template":"","meta":{"ngg_post_thumbnail":0},"_links":{"self":[{"href":"http:\/\/amigosdelantiguoegipto.com\/index.php?rest_route=\/wp\/v2\/pages\/12817"}],"collection":[{"href":"http:\/\/amigosdelantiguoegipto.com\/index.php?rest_route=\/wp\/v2\/pages"}],"about":[{"href":"http:\/\/amigosdelantiguoegipto.com\/index.php?rest_route=\/wp\/v2\/types\/page"}],"author":[{"embeddable":true,"href":"http:\/\/amigosdelantiguoegipto.com\/index.php?rest_route=\/wp\/v2\/users\/1"}],"replies":[{"embeddable":true,"href":"http:\/\/amigosdelantiguoegipto.com\/index.php?rest_route=%2Fwp%2Fv2%2Fcomments&post=12817"}],"version-history":[{"count":0,"href":"http:\/\/amigosdelantiguoegipto.com\/index.php?rest_route=\/wp\/v2\/pages\/12817\/revisions"}],"wp:attachment":[{"href":"http:\/\/amigosdelantiguoegipto.com\/index.php?rest_route=%2Fwp%2Fv2%2Fmedia&parent=12817"}],"curies":[{"name":"wp","href":"https:\/\/api.w.org\/{rel}","templated":true}]}}